{"id":6394,"date":"2026-09-03T13:43:44","date_gmt":"2026-09-03T11:43:44","guid":{"rendered":"https:\/\/www.b2works.eu\/vacancy\/personala-atlases-specialists-starptautiska-personala-atlase\/"},"modified":"2026-09-03T13:43:44","modified_gmt":"2026-09-03T11:43:44","slug":"personala-atlases-specialists-starptautiska-personala-atlase","status":"publish","type":"vacancy","link":"https:\/\/www.b2works.eu\/lv\/vacancy\/personala-atlases-specialists-starptautiska-personala-atlase\/","title":{"rendered":"Person\u0101la atlases speci\u0101lists | Starptautisk\u0101 person\u0101la atlase"},"content":{"rendered":"<h3>Kopsavilkums<\/h3>\n<p>Vai esat person\u0101la atlases speci\u0101lists, kur\u0161 mekl\u0113 jaunu izaicin\u0101jumu starptautisk\u0101 vid\u0113? Vai jums pat\u012bk pal\u012bdz\u0113t talant\u012bgiem cilv\u0113kiem atrast piem\u0113rotas darba iesp\u0113jas un veicin\u0101t N\u012bderlandes darba tirgus att\u012bst\u012bbu?<\/p>\n<p>M\u0113s mekl\u0113jam motiv\u0113tu <b>person\u0101la atlases speci\u0101listu ar vismaz 1 gada pieredzi person\u0101la atlases jom\u0101 vai l\u012bdz\u012bg\u0101 amat\u0101 person\u0101la atlases vai nodarbin\u0101t\u012bbas a\u0123ent\u016br\u0101<\/b><\/p>\n<p>. \u0160aj\u0101 amat\u0101 jums b\u016bs akt\u012bva loma person\u0101la atlases proces\u0101, jums b\u016bs j\u0101veido stipras attiec\u012bbas ar kandid\u0101tiem un klientiem, k\u0101 ar\u012b j\u0101pal\u012bdz atrast piem\u0113rotus talantus starptautisk\u0101m nodarbin\u0101t\u012bbas iesp\u0113j\u0101m.<\/p>\n<h3>Tavi uzdevumi<\/h3>\n<ul>\n<li>Proakt\u012bvi mekl\u0113t, uzrun\u0101t un iesaist\u012bt potenci\u0101los kandid\u0101tus, izmantojot da\u017e\u0101dus kan\u0101lus, tostarp soci\u0101los t\u012bklus, LinkedIn, darba sludin\u0101jumu port\u0101lus un profesion\u0101los t\u012bklus<\/li>\n<li>P\u0101rvald\u012bt kandid\u0101tus vis\u0101 darb\u0101 pie\u0146em\u0161anas proces\u0101 un prec\u012bzi apstr\u0101d\u0101t pieteikumus ATS sist\u0113m\u0101<\/li>\n<li>Veikt intervijas pa t\u0101lruni, videokonferenc\u0113s un kl\u0101tien\u0113<\/li>\n<li>Nov\u0113rt\u0113t kandid\u0101tu prasmes, pieredzi, motiv\u0101ciju un piem\u0113rot\u012bbu pieejamaj\u0101m vakanc\u0113m<\/li>\n<li>Izveidot un uztur\u0113t sp\u0113c\u012bgu kvalific\u0113tu kandid\u0101tu datu b\u0101zi<\/li>\n<li>Uztur\u0113t cie\u0161as attiec\u012bbas ar kandid\u0101tiem un nodro\u0161in\u0101t pozit\u012bvu kandid\u0101tu pieredzi<\/li>\n<li>Cie\u0161i sadarboties ar klientiem, lai izprastu vi\u0146u rekrut\u0113\u0161anas vajadz\u012bbas un nodro\u0161in\u0101tu piem\u0113rotus kandid\u0101tus<\/li>\n<li>Koordin\u0113t un sekot l\u012bdzi kandid\u0101tiem un klientiem vis\u0101 darb\u0101 pie\u0146em\u0161anas proces\u0101<\/li>\n<li>Akt\u012bvi iesaist\u012bties person\u0101la atlases m\u0113r\u0137u un KPI sasnieg\u0161an\u0101<\/li>\n<li>Identific\u0113t iesp\u0113jas uzlabot darb\u0101 pie\u0146em\u0161anas procesus un veicin\u0101t m\u016bsu pakalpojumu nep\u0101rtrauktu att\u012bst\u012bbu<\/li>\n<\/ul>\n<h3>Pras\u012bbas<\/h3>\n<ul>\n<li>Jums ir vismaz <b>1 gada pieredze k\u0101 person\u0101la atlases speci\u0101listam vai l\u012bdz\u012bg\u0101 amat\u0101 person\u0101la atlases vai nodarbin\u0101t\u012bbas a\u0123ent\u016br\u0101 N\u012bderland\u0113<\/b><\/li>\n<li>Jums ir labas komunik\u0101cijas un starppersonu prasmes<\/li>\n<li>J\u016bs esat iniciat\u012bvs, patst\u0101v\u012bgs un orient\u0113ts uz rezult\u0101tiem<\/li>\n<li>Jums ir pieredze kandid\u0101tu mekl\u0113\u0161an\u0101, izmantojot soci\u0101los t\u012bklus, LinkedIn, darba sludin\u0101jumu port\u0101lus vai citus darb\u0101 pie\u0146em\u0161anas kan\u0101lus<\/li>\n<li>Jums ir pieredze kandid\u0101tu atlas\u0113 un interv\u0113\u0161an\u0101<\/li>\n<li>J\u016bs esat organiz\u0113ts un sp\u0113j vienlaikus p\u0101rvald\u012bt vair\u0101kas vakances un kandid\u0101tus<\/li>\n<li>J\u016bs esat elast\u012bgs un piel\u0101gojams, un labi j\u016btaties strauji main\u012bg\u0101, dinamisk\u0101 vid\u0113<\/li>\n<li>J\u016bs esat orient\u0113ts uz cilv\u0113kiem un sp\u0113jat veidot uztic\u012bbu un uztur\u0113t stipras profesion\u0101l\u0101s attiec\u012bbas<\/li>\n<li>Jums ir patiesa interese par person\u0101la atlasi un pat\u012bk str\u0101d\u0101t ar cilv\u0113kiem<\/li>\n<li>J\u016bs br\u012bvi p\u0101rvald\u0101t <b>ang\u013cu<\/b> valodu <b>un vismaz vienu ES valodu<\/b><\/li>\n<li>N\u012bderlandie\u0161u valodas zin\u0101\u0161anas ir priek\u0161roc\u012bba<\/li>\n<li>Pieredze ar ATS vai citu person\u0101la atlases programmat\u016bru ir priek\u0161roc\u012bba<\/li>\n<li>J\u016bs esat p\u0101rliecin\u0101ts par savu darbu un str\u0101d\u0101jat, lai sasniegtu person\u0101la atlases m\u0113r\u0137us<\/li>\n<li>J\u016bs dz\u012bvojat <b>35 km <\/b>r\u0101dius\u0101<b> no m\u016bsu biroja N\u012bmegen\u0101<\/b><\/li>\n<li>Jums ir der\u012bga <b>B kategorijas autovad\u012bt\u0101ja apliec\u012bba<\/b><\/li>\n<\/ul>\n<h3>M\u016bsu pied\u0101v\u0101jums<\/h3>\n<ul>\n<li>Izaicino\u0161s pilna laika amats starptautisk\u0101 person\u0101la atlases vid\u0113<\/li>\n<li>Konkur\u0113tsp\u0113j\u012bgu atalgojumu, kas atbilst j\u016bsu pieredzei un prasm\u0113m, s\u0101kot no <b>2 550 eiro bruto m\u0113nes\u012b<\/b><\/li>\n<li>Uz\u0146\u0113muma t\u0101lrunis un nepiecie\u0161amie r\u012bki, lai efekt\u012bvi veiktu savus pien\u0101kumus<\/li>\n<li>Dinamisku un starptautisku darba vidi<\/li>\n<li>Saska\u0146ota komanda ar atbalsto\u0161iem un draudz\u012bgiem kol\u0113\u0123iem<\/li>\n<li>Regul\u0101ras komandas izbraucieni un uz\u0146\u0113muma pas\u0101kumi<\/li>\n<li>Profesion\u0101l\u0101s izaugsmes un karjeras att\u012bst\u012bbas iesp\u0113jas<\/li>\n<li>Iesp\u0113ja uz\u0146emties atbild\u012bbu par saviem darb\u0101 pie\u0146em\u0161anas procesiem<\/li>\n<li>Ilgtermi\u0146a karjeras izaugsmes iesp\u0113jas m\u016bsu strauji augo\u0161aj\u0101 organiz\u0101cij\u0101<\/li>\n<\/ul>\n<h3>Inform\u0101cija par uz\u0146\u0113mumu<\/h3>\n<p>M\u0113s esam B2Works! M\u0113s kalpojam k\u0101 tilts starp Eiropas darbiniekiem un N\u012bderlandes klientiem. M\u0113s ticam starptautisk\u0101s sadarb\u012bbas sp\u0113kam, jo t\u0101 \u013cauj cilv\u0113kiem veidot lab\u0101ku dz\u012bvi, vienlaikus nodro\u0161inot stabilit\u0101ti un izaugsmi m\u016bsu klientiem.<\/p>\n<p>K\u0101 person\u0101la atlases speci\u0101lists B2Works, Jums b\u016bs svar\u012bga loma, savienojot talant\u012bgus Eiropas darbiniekus ar piem\u0113rot\u0101m nodarbin\u0101t\u012bbas iesp\u0113j\u0101m N\u012bderland\u0113. J\u016bs k\u013c\u016bsiet par da\u013cu no starptautiskas komandas, kur\u0101 augsti tiek v\u0113rt\u0113ta iniciat\u012bva, komunik\u0101cija un uz rezult\u0101tiem v\u0113rsta pieeja.<\/p>\n<h3>Pieteik\u0161an\u0101s k\u0101rt\u012bba<\/h3>\n<p>Ja J\u016bs interes\u0113 \u0161is amats un uzskat\u0101t, ka J\u016bsu kvalifik\u0101cija un pieredze atbilst m\u016bsu pras\u012bb\u0101m, l\u016bdzu, iesniedziet savu pieteikumu, noklik\u0161\u0137inot uz pogas zem\u0101k. L\u016bdzu, p\u0101rliecinieties, ka J\u016bsu <b>CV ir pievienots ang\u013cu valod\u0101<\/b> un taj\u0101 ir iek\u013cauta J\u016bsu piln\u012bga un <b>aktu\u0101la darba pieredze<\/b>.<\/p>\n<p> M\u016bsu person\u0101la atlases komanda izskat\u012bs J\u016bsu pieteikumu un sazin\u0101sies ar Jums p\u0113c iesp\u0113jas dr\u012bz\u0101k.<br \/>L\u016bdzu, \u0146emiet v\u0113r\u0101, ka m\u016bsu darba laiks ir <b>no pirmdienas l\u012bdz piektdienai, no plkst. 09:00 l\u012bdz 17:30<\/b>. Ja iesniegsiet pieteikumu ned\u0113\u013cas nogal\u0113 vai \u0101rpus darba laika, l\u016bdzam b\u016bt paciet\u012bgiem, jo ar jums var\u0113sim sazin\u0101ties tikai m\u016bsu parastaj\u0101 darba laik\u0101.<\/p>\n<p> L\u016bdzu, \u0146emiet v\u0113r\u0101, ka \u0161\u012b vakanse ir pieejama <b>tikai ES pilso\u0146iem<\/b>.<\/p>\n","protected":false},"excerpt":{"rendered":"<p>Kopsavilkums Vai esat person\u0101la atlases speci\u0101lists, kur\u0161 mekl\u0113 jaunu izaicin\u0101jumu starptautisk\u0101 vid\u0113? Vai jums pat\u012bk pal\u012bdz\u0113t talant\u012bgiem cilv\u0113kiem atrast piem\u0113rotas darba iesp\u0113jas un veicin\u0101t N\u012bderlandes darba tirgus att\u012bst\u012bbu? M\u0113s mekl\u0113jam motiv\u0113tu person\u0101la atlases speci\u0101listu ar vismaz 1 gada pieredzi person\u0101la atlases jom\u0101 vai l\u012bdz\u012bg\u0101 amat\u0101 person\u0101la atlases vai nodarbin\u0101t\u012bbas a\u0123ent\u016br\u0101 . \u0160aj\u0101 amat\u0101 jums b\u016bs [&hellip;]<\/p>\n","protected":false},"parent":0,"template":"","branche":[236],"location":[110],"class_list":["post-6394","vacancy","type-vacancy","status-publish","hentry","branche-b2works-praktikants","location-nijmegen"],"acf":[],"_links":{"self":[{"href":"https:\/\/www.b2works.eu\/lv\/wp-json\/wp\/v2\/vacancy\/6394","targetHints":{"allow":["GET"]}}],"collection":[{"href":"https:\/\/www.b2works.eu\/lv\/wp-json\/wp\/v2\/vacancy"}],"about":[{"href":"https:\/\/www.b2works.eu\/lv\/wp-json\/wp\/v2\/types\/vacancy"}],"wp:attachment":[{"href":"https:\/\/www.b2works.eu\/lv\/wp-json\/wp\/v2\/media?parent=6394"}],"wp:term":[{"taxonomy":"branche","embeddable":true,"href":"https:\/\/www.b2works.eu\/lv\/wp-json\/wp\/v2\/branche?post=6394"},{"taxonomy":"location","embeddable":true,"href":"https:\/\/www.b2works.eu\/lv\/wp-json\/wp\/v2\/location?post=6394"}],"curies":[{"name":"wp","href":"https:\/\/api.w.org\/{rel}","templated":true}]}}